{"id":60585,"date":"2022-06-08T17:54:44","date_gmt":"2022-06-08T15:54:44","guid":{"rendered":"https:\/\/latouchemusicale.com\/juridique\/politica-protecao-dados\/"},"modified":"2022-10-15T17:58:42","modified_gmt":"2022-10-15T15:58:42","slug":"politica-protecao-dados","status":"publish","type":"juridique","link":"https:\/\/latouchemusicale.com\/pt-br\/juridico\/politica-protecao-dados\/","title":{"rendered":"Pol\u00edtica de prote\u00e7\u00e3o de dados La Touche Musicale (RGPD)"},"content":{"rendered":"\t\t<div data-elementor-type=\"wp-post\" data-elementor-id=\"60585\" class=\"elementor elementor-60585 elementor-10438\" data-elementor-post-type=\"juridique\">\n\t\t\t\t<div class=\"elementor-element elementor-element-1d81b4c e-flex e-con-boxed e-con e-parent\" data-id=\"1d81b4c\" data-element_type=\"container\" data-e-type=\"container\">\n\t\t\t\t\t<div class=\"e-con-inner\">\n\t\t\t\t<div class=\"elementor-element elementor-element-bd3f1b5 elementor-widget elementor-widget-spacer\" data-id=\"bd3f1b5\" data-element_type=\"widget\" data-e-type=\"widget\" data-widget_type=\"spacer.default\">\n\t\t\t\t<div class=\"elementor-widget-container\">\n\t\t\t\t\t\t\t<div class=\"elementor-spacer\">\n\t\t\t<div class=\"elementor-spacer-inner\"><\/div>\n\t\t<\/div>\n\t\t\t\t\t\t<\/div>\n\t\t\t\t<\/div>\n\t\t\t\t\t<\/div>\n\t\t\t\t<\/div>\n\t\t<div class=\"elementor-element elementor-element-a7b5da7 e-flex e-con-boxed e-con e-parent\" data-id=\"a7b5da7\" data-element_type=\"container\" data-e-type=\"container\">\n\t\t\t\t\t<div class=\"e-con-inner\">\n\t\t\t\t<div data-dce-text-color=\"#4C4C4C\" class=\"elementor-element elementor-element-3b3bdd5 elementor-widget elementor-widget-global elementor-global-19665 elementor-widget-sp-breadcrumbs\" data-id=\"3b3bdd5\" data-element_type=\"widget\" data-e-type=\"widget\" data-widget_type=\"sp-breadcrumbs.default\">\n\t\t\t\t<div class=\"elementor-widget-container\">\n\t\t\t\t\t<nav  aria-label=\"caminho\"><ol class=\"breadcrumb\" itemscope itemtype=\"https:\/\/schema.org\/BreadcrumbList\"><li class=\"breadcrumb-item active\" aria-current=\"page\" itemprop=\"itemListElement\" itemscope itemtype=\"https:\/\/schema.org\/ListItem\"><span itemprop=\"name\">P\u00e1gina inicial<\/span><meta itemprop=\"position\" content=\"1\"><\/li><\/ol><\/nav>\t\t\t\t<\/div>\n\t\t\t\t<\/div>\n\t\t\t\t<div class=\"elementor-element elementor-element-e2b12d6 elementor-widget elementor-widget-heading\" data-id=\"e2b12d6\" data-element_type=\"widget\" data-e-type=\"widget\" data-widget_type=\"heading.default\">\n\t\t\t\t<div class=\"elementor-widget-container\">\n\t\t\t\t\t<h1 class=\"elementor-heading-title elementor-size-default\">Pol\u00edtica de prote\u00e7\u00e3o de dados La Touche Musicale (RGPD)<\/h1>\t\t\t\t<\/div>\n\t\t\t\t<\/div>\n\t\t\t\t<div class=\"elementor-element elementor-element-fae9577 elementor-widget elementor-widget-spacer\" data-id=\"fae9577\" data-element_type=\"widget\" data-e-type=\"widget\" data-widget_type=\"spacer.default\">\n\t\t\t\t<div class=\"elementor-widget-container\">\n\t\t\t\t\t\t\t<div class=\"elementor-spacer\">\n\t\t\t<div class=\"elementor-spacer-inner\"><\/div>\n\t\t<\/div>\n\t\t\t\t\t\t<\/div>\n\t\t\t\t<\/div>\n\t\t\t\t\t<\/div>\n\t\t\t\t<\/div>\n\t\t\t\t<section class=\"elementor-section elementor-top-section elementor-element elementor-element-640e8375 elementor-section-boxed elementor-section-height-default elementor-section-height-default\" data-id=\"640e8375\" data-element_type=\"section\" data-e-type=\"section\">\n\t\t\t\t\t\t<div class=\"elementor-container elementor-column-gap-default\">\n\t\t\t\t\t<div class=\"elementor-column elementor-col-100 elementor-top-column elementor-element elementor-element-107b5e5c\" data-id=\"107b5e5c\" data-element_type=\"column\" data-e-type=\"column\">\n\t\t\t<div class=\"elementor-widget-wrap elementor-element-populated\">\n\t\t\t\t\t\t<div class=\"elementor-element elementor-element-1229cb02 elementor-widget elementor-widget-text-editor\" data-id=\"1229cb02\" data-element_type=\"widget\" data-e-type=\"widget\" data-widget_type=\"text-editor.default\">\n\t\t\t\t<div class=\"elementor-widget-container\">\n\t\t\t\t\t\t\t\t\t\n<p><\/p>\n\n\n\n<h3 class=\"heading-3\"><\/h3>\n<h3 class=\"heading-3\">Atualizado em agosto de 2022.<\/h3>\nNa La Touche Musicale, estamos comprometidos em proteger sua privacidade e queremos que voc\u00ea saiba como lidamos com seus dados pessoais. Atualizamos o servi\u00e7o La Touche Musicale, que inclui novas configura\u00e7\u00f5es que lhe d\u00e3o mais controle sobre como La Touche Musicale pode usar e compartilhar seus dados pessoais. Junto com estas novas configura\u00e7\u00f5es, tamb\u00e9m atualizamos nossa Pol\u00edtica de Prote\u00e7\u00e3o de Dados para fornecer informa\u00e7\u00f5es mais precisas e transparentes sobre como La Touche Musicale &#8211; como controlador de dados &#8211; coleta, utiliza, compartilha, mant\u00e9m e protege seus dados pessoais. Por favor, reserve um tempo para ler cuidadosamente esta Pol\u00edtica de Prote\u00e7\u00e3o de Dados. \u00c9 importante para n\u00f3s que voc\u00ea compreenda plenamente:\n\n\n\n\n\n \n<ul class=\"list list-bulleted\">\n\t<li>Os dados pessoais que coletamos<\/li>\n\t<li>Por que usamos seus dados pessoais<\/li>\n\t<li>Como compartilhamos seus dados pessoais<\/li>\n\t<li>Por quanto tempo guardamos seus dados pessoais<\/li>\n\t<li>Como protegemos seus dados pessoais<\/li>\n\t<li>Como voc\u00ea pode exercer seus direitos<\/li>\n<\/ul>\nSe voc\u00ea tiver alguma d\u00favida sobre esta Pol\u00edtica de Prote\u00e7\u00e3o de Dados, as configura\u00e7\u00f5es ou nosso uso de seus dados pessoais, voc\u00ea pode entrar em contato com nosso Departamento de Atendimento ao Cliente e\/ou com nosso encarregado de Prote\u00e7\u00e3o de Dados atrav\u00e9s do endere\u00e7o de e-mail <a href=\"mailto:contact@latouchemusicale.com\">contact@latouchemusicale.com<\/a>.\n\n&nbsp;\n<h2 id=\"section1\" class=\"heading-2\">Dados pessoais que coletamos<\/h2>\nPor &#8220;dados pessoais&#8221; entendemos quaisquer dados que permitam a La Touche Musicale identific\u00e1-lo direta ou indiretamente. Seus dados pessoais podem ser fornecidos diretamente por voc\u00ea, ou fornecidos indiretamente por terceiros (por exemplo, quando voc\u00ea assina o servi\u00e7o La Touche Musicale atrav\u00e9s de uma operadora de telecomunica\u00e7\u00f5es), ou coletados diretamente por n\u00f3s quando voc\u00ea utiliza o servi\u00e7o La Touche Musicale. Quando lhe pedimos que forne\u00e7a seus dados pessoais, indicamos quais dados s\u00e3o obrigat\u00f3rios. Por favor, nos forne\u00e7a informa\u00e7\u00f5es completas e precisas. Informa\u00e7\u00f5es incompletas ou imprecisas podem nos impedir de lhe fornecer o servi\u00e7o La Touche Musicale. Abaixo voc\u00ea encontrar\u00e1 as categorias de dados que coletamos como parte do servi\u00e7o La Touche Musicale, com uma lista indicativa dos dados em quest\u00e3o para cada categoria.\n\n   \n\n\n\n&nbsp;\n\n&nbsp;\n<h3 class=\"heading-3\">Informa\u00e7\u00f5es pessoais que coletamos quando voc\u00ea se inscreve no servi\u00e7o La Touche Musicale<\/h3>\n&nbsp;\n<table class=\"table table-legal table-bordered\">\n<tbody>\n<tr>\n<td valign=\"top\">Dados da conta<\/td>\n<td valign=\"top\">\n<ul class=\"list list-bulleted\">\n\t<li>Seus dados de login (endere\u00e7o de e-mail e senha)<\/li>\n<\/ul>\n<\/td>\n<\/tr>\n<\/tbody>\n<\/table>\nObserve que quando voc\u00ea se registra, pode ser solicitado a completar um reCAPTCHA do Google, que nos ajuda a garantir a seguran\u00e7a do servi\u00e7o La Touche Musicale. O uso do Google reCAPTCHA est\u00e1 sujeito ao&nbsp;<a href=\"https:\/\/policies.google.com\/privacy\" target=\"_blank\" rel=\"noopener\">Pol\u00edtica de Privacidade do Google<\/a>&nbsp;e o&nbsp;<a href=\"https:\/\/policies.google.com\/terms\" target=\"_blank\" rel=\"noopener\">Termos de uso do Google<\/a>.\n\n&nbsp;\n<h3 class=\"heading-3\">Dados pessoais que coletamos quando voc\u00ea assina um pacote pago do servi\u00e7o La Touche Musicale<\/h3>\n&nbsp;\n<table class=\"table table-legal table-bordered\">\n<tbody>\n<tr>\n<td valign=\"top\">Dados da assinatura<\/td>\n<td valign=\"top\">\n<ul class=\"list list-bulleted\">\n\t<li>Pacote que voc\u00ea subscreveu (La Touche Musicale anual, La Touche Musicale semestral, La Touche Musicale mensal)<\/li>\n\t<li>Detalhes da transa\u00e7\u00e3o realizada (data da transa\u00e7\u00e3o, valor pago, moeda, m\u00e9todo de pagamento e, se aplic\u00e1vel, detalhes do cart\u00e3o banc\u00e1rio utilizado: n\u00famero do cart\u00e3o, data de validade, n\u00famero de verifica\u00e7\u00e3o)<\/li>\n<\/ul>\n<\/td>\n<\/tr>\n<\/tbody>\n<\/table>\n<h3 class=\"heading-3\"><\/h3>\n<h3 class=\"heading-3\">Informa\u00e7\u00f5es pessoais que coletamos quando voc\u00ea utiliza o servi\u00e7o La Touche Musicale<\/h3>\n&nbsp;\n<table class=\"table table-legal table-bordered\">\n<tbody>\n<tr>\n<td valign=\"top\">Dados de utiliza\u00e7\u00e3o<\/td>\n<td valign=\"top\">\n<ul class=\"list list-bulleted\">\n\t<li>Hist\u00f3rico de sua sess\u00e3o (dura\u00e7\u00e3o, faixas tocadas, artistas, t\u00edtulos, sua performance)<\/li>\n<\/ul>\n<ul class=\"list list-bulleted\">\n\t<li>Seu conte\u00fado preferido (artistas, faixas que voc\u00ea gosta)<\/li>\n\t<li>Seus coment\u00e1rios e solicita\u00e7\u00f5es atrav\u00e9s do formul\u00e1rio Userreport. Para mais informa\u00e7\u00f5es, veja <span style=\"text-decoration: underline;\"><a href=\"https:\/\/privacy.userreport.com\/en-GB\/for-users\/privacy-policy\">pol\u00edtica de privacidade<\/a><\/span> de Userreport.<\/li>\n<\/ul>\n<\/td>\n<\/tr>\n<tr>\n<td valign=\"top\">Dados t\u00e9cnicos<\/td>\n<td valign=\"top\">\n<ul class=\"list list-bulleted\">\n\t<li>Informa\u00e7\u00f5es sobre seu dispositivo (tipo de dispositivo usado, identificador \u00fanico, modelo de hardware, vers\u00e3o do sistema operacional, configura\u00e7\u00f5es de hardware e software, navegador usado, cookie ou tecnologia similar, idioma do sistema)<\/li>\n\t<li>Informa\u00e7\u00f5es sobre sua navega\u00e7\u00e3o no servi\u00e7o La Touche Musicale (data e hora da conex\u00e3o, p\u00e1ginas consultadas, data e hora da consulta, suas buscas)<\/li>\n<\/ul>\n<\/td>\n<\/tr>\n<\/tbody>\n<\/table>\n<h3 class=\"heading-3\">Dados pessoais que coletamos quando voc\u00ea entra em contato com nosso Servi\u00e7o de Atendimento ao Cliente<\/h3>\n<table class=\"table table-legal table-bordered\">\n<tbody>\n<tr>\n<td valign=\"top\">Dados de consulta<\/td>\n<td valign=\"top\">\n<ul class=\"list list-bulleted\">\n\t<li>Detalhes de sua solicita\u00e7\u00e3o ou reclama\u00e7\u00e3o (incluindo data, hora, assunto e conte\u00fado de sua solicita\u00e7\u00e3o)<\/li>\n\t<li>Conte\u00fado de suas trocas com o Servi\u00e7o de Atendimento ao Cliente<\/li>\n\t<li>Quaisquer outros dados considerados necess\u00e1rios para processar sua solicita\u00e7\u00e3o ou reclama\u00e7\u00e3o<\/li>\n<\/ul>\n<\/td>\n<\/tr>\n<\/tbody>\n<\/table>\n<h3 class=\"heading-3\">Outros dados que podemos coletar<\/h3>\n<table class=\"table table-legal table-bordered\">\n<tbody>\n<tr>\n<td valign=\"top\">Dados de participa\u00e7\u00e3o<\/td>\n<td valign=\"top\">\n<ul class=\"list list-bulleted\">\n\t<li>Dados que podemos coletar para permitir a sua participa\u00e7\u00e3o em iniciativas que organizamos (por exemplo, eventos, competi\u00e7\u00f5es ou pesquisas de satisfa\u00e7\u00e3o)<\/li>\n<\/ul>\n<\/td>\n<\/tr>\n<\/tbody>\n<\/table>\n<h2 id=\"section2\" class=\"heading-2\">Por que usamos seus dados pessoais<\/h2>\nUtilizamos seus dados pessoais principalmente para que voc\u00ea possa desfrutar do servi\u00e7o La Touche Musicale, mas tamb\u00e9m para cumprir nossas obriga\u00e7\u00f5es legais ou regulamentares. Em qualquer caso, n\u00e3o tomamos nenhuma decis\u00e3o baseada unicamente no processamento automatizado, incluindo o perfil, que produza efeitos legais sobre voc\u00ea ou o afete significativamente de forma similar. Mais informa\u00e7\u00f5es sobre como usamos cookies e tecnologias similares est\u00e3o dispon\u00edveis em suas configura\u00e7\u00f5es de cookies. \n\n\n<h3 class=\"heading-3\">Para prestar o servi\u00e7o La Touche Musicale<\/h3>\nUtilizamos seus dados de conta, dados de assinatura, dados de uso e dados t\u00e9cnicos para permitir que voc\u00ea utilize o servi\u00e7o La Touche Musicale, incluindo os seguintes recursos:\n<ul class=\"list list-bulleted\">\n\t<li>Aprender os t\u00edtulos do cat\u00e1logo musical ;<\/li>\n\t<li>Adicionando t\u00edtulos aos seus favoritos ;<\/li>\n\t<li>Mostre seu desempenho em cada um dos t\u00edtulos de seus favoritos;<\/li>\n\t<li>Retome tocando m\u00fasica de onde parou em sua \u00faltima sess\u00e3o.<\/li>\n<\/ul>\nEste uso de seus dados pessoais \u00e9 necess\u00e1rio para lhe fornecer o servi\u00e7o La Touche Musicale de acordo com o&nbsp;<span style=\"text-decoration: underline;\"><a href=\"https:\/\/latouchemusicale.com\/fr\/cgu\/\" target=\"_blank\" rel=\"noopener\">contrato entre n\u00f3s e voc\u00ea<\/a><\/span>.\n\n&nbsp;\n<h3 class=\"heading-3\">Para melhorar, proteger e monitorar o servi\u00e7o La Touche Musicale<\/h3>\nUtilizamos seus dados de conta, dados de assinatura, dados de uso e dados t\u00e9cnicos para os seguintes prop\u00f3sitos\n<ul class=\"list list-bulleted\">\n\t<li>Melhoria da funcionalidade existente do servi\u00e7o La Touche Musicale e seu desempenho geral;<\/li>\n\t<li>Desenvolvimento de novos recursos e servi\u00e7os;<\/li>\n\t<li>Para garantir a seguran\u00e7a cont\u00ednua, confidencialidade, integridade, disponibilidade e resili\u00eancia do servi\u00e7o La Touche Musicale;<\/li>\n\t<li>Medi\u00e7\u00e3o e an\u00e1lise do p\u00fablico e uso do servi\u00e7o La Touche Musicale.<\/li>\n<\/ul>\nEste uso de seus dados pessoais \u00e9 necess\u00e1rio para nos permitir cumprir nosso leg\u00edtimo interesse em fornecer o melhor servi\u00e7o La Touche Musicale poss\u00edvel a nossos usu\u00e1rios.\n<h3 class=\"heading-3\">Para promover o servi\u00e7o La Touche Musicale<\/h3>\nUtilizamos seus dados de conta, dados de assinatura, dados de uso, dados t\u00e9cnicos e dados de participa\u00e7\u00e3o para os seguintes prop\u00f3sitos\n<ul class=\"list list-bulleted\">\n\t<li>Para lhe fornecer informa\u00e7\u00f5es sobre o servi\u00e7o La Touche Musicale e suas caracter\u00edsticas, assim como sobre nossos pacotes pagos e ofertas promocionais;<\/li>\n\t<li>Fornecer-lhe ofertas personalizadas;<\/li>\n\t<li>Permitir a sua participa\u00e7\u00e3o em eventos e competi\u00e7\u00f5es que organizamos, e dar-lhe a chance de ganhar assinaturas e outros pr\u00eamios;<\/li>\n\t<li>Permita que voc\u00ea participe das pesquisas de satisfa\u00e7\u00e3o e nos d\u00ea sua opini\u00e3o sobre o servi\u00e7o La Touche Musicale.<\/li>\n<\/ul>\nEste uso de seus dados pessoais \u00e9 necess\u00e1rio para nos permitir realizar a\u00e7\u00f5es de marketing direto e melhorar o servi\u00e7o La Touche Musicale, que \u00e9 do leg\u00edtimo interesse da La Touche Musicale.\n\n&nbsp;\n<h3 class=\"heading-3\">Para veicular an\u00fancios de anunciantes de terceiros (somente usu\u00e1rios Free Music Touch)<\/h3>\nUtilizamos seus dados de conta, dados de assinatura, dados de uso e dados t\u00e9cnicos para servir-lhe an\u00fancios de produtos e servi\u00e7os de parceiros. Estas propagandas podem ser:\n\n\n<ul class=\"list list-bulleted\">\n\t<li>Comunicados por e-mail ou notifica\u00e7\u00e3o: n\u00e3o enviamos a voc\u00ea nenhuma propaganda de produtos e servi\u00e7os parceiros por e-mail ou notifica\u00e7\u00e3o, a menos que voc\u00ea tenha consentido com isso.<\/li>\n<\/ul>\n&nbsp;\n<h3 class=\"heading-3\">Para gerenciar seus pedidos de atendimento ao cliente<\/h3>\nUtilizamos seus dados de conta, dados de assinatura, dados de uso, dados t\u00e9cnicos e dados de consulta para gerenciar suas solicita\u00e7\u00f5es de atendimento ao cliente, por exemplo:\n<ul class=\"list list-bulleted\">\n\t<li>Quando voc\u00ea entra em contato com nosso Servi\u00e7o de Atendimento ao Cliente para suporte t\u00e9cnico ou funcional;<\/li>\n\t<li>Quando voc\u00ea quiser exercer os direitos que tem sobre seus dados pessoais.<\/li>\n<\/ul>\nEste uso de seus dados pessoais \u00e9 necess\u00e1rio para nos permitir cumprir com nossas obriga\u00e7\u00f5es decorrentes do contrato entre voc\u00ea e n\u00f3s, ou, quando se trata de seus direitos, com as leis e regulamentos sobre a prote\u00e7\u00e3o de dados pessoais aos quais La Touche Musicale est\u00e1 sujeita.\n\n&nbsp;\n<h3 class=\"heading-3\">Para administrar seus pagamentos (pagando somente aos usu\u00e1rios)<\/h3>\nUtilizamos seus dados de conta, dados de assinatura, dados de uso e dados t\u00e9cnicos para os seguintes prop\u00f3sitos\n<ul class=\"list list-bulleted\">\n\t<li>Processamento de seu pagamento ;<\/li>\n\t<li>Obriga\u00e7\u00f5es cont\u00e1beis e fiscais ;<\/li>\n\t<li>Luta contra a fraude, a fim de detectar e prevenir pagamentos fraudulentos ou uso fraudulento do servi\u00e7o La Touche Musicale.<\/li>\n<\/ul>\nEste uso de seus dados pessoais \u00e9 necess\u00e1rio para nos permitir processar seu pagamento, de acordo com o contrato que nos vincula a voc\u00ea, para cumprir com as normas cont\u00e1beis e fiscais \u00e0s quais La Touche Musicale est\u00e1 sujeita, bem como para combater a fraude, o que \u00e9 do leg\u00edtimo interesse da La Touche Musicale.\n\n&nbsp;\n<h2 id=\"section3\" class=\"heading-2\">Como compartilhamos seus dados pessoais<\/h2>\n&nbsp;\n<h3 class=\"heading-3\">Nosso compartilhamento de dados<\/h3>\nCompartilhamos seus dados pessoais com as seguintes categorias de destinat\u00e1rios:\n<table class=\"table table-legal table-bordered\">\n<tbody>\n<tr>\n<td valign=\"top\">Prestadores de servi\u00e7os t\u00e9cnicos<\/td>\n<td valign=\"top\">\n<ul class=\"list list-bulleted\">\n\t<li>Fornecedores de plataformas de armazenamento e hospedagem<\/li>\n\t<li>Rede de telecomunica\u00e7\u00f5es e prestadores de servi\u00e7os<\/li>\n\t<li>Prestadores de servi\u00e7os de manuten\u00e7\u00e3o<\/li>\n\t<li>Solu\u00e7\u00f5es e prestadores de servi\u00e7os de seguran\u00e7a<\/li>\n\t<li>Fornecedores de solu\u00e7\u00f5es de an\u00e1lise e processamento de dados<\/li>\n<\/ul>\n<\/td>\n<\/tr>\n<tr>\n<td valign=\"top\">Fornecedores de marketing<\/td>\n<td valign=\"top\">\n<ul class=\"list list-bulleted\">\n\t<li>Fornecedores de solu\u00e7\u00f5es e servi\u00e7os de gerenciamento de relacionamento com o cliente<\/li>\n\t<li>Ag\u00eancias e fornecedores de redes e solu\u00e7\u00f5es de publicidade<\/li>\n\t<li>Ag\u00eancias de comunica\u00e7\u00e3o e marketing e prestadores de servi\u00e7os<\/li>\n\t<li>Operadores de redes sociais (tais como Facebook, Twitter, Instagram, Snapchat ou Pinterest)<\/li>\n<\/ul>\n<\/td>\n<\/tr>\n<tr>\n<td valign=\"top\">Provedores de pagamento<\/td>\n<td valign=\"top\">\n<ul class=\"list list-bulleted\">\n\t<li>Solu\u00e7\u00f5es de pagamento e prestadores de servi\u00e7os<\/li>\n\t<li>Fornecedores de verifica\u00e7\u00e3o de antecedentes<\/li>\n<\/ul>\n<\/td>\n<\/tr>\n<tr>\n<td valign=\"top\">Parceiros<\/td>\n<td valign=\"top\">\n<ul class=\"list list-bulleted\">\n\t<li>Sacem (Sociedade de Autores, Compositores e Editores)&nbsp; e Editoras Musicais)<\/li>\n<\/ul>\n<ul class=\"list list-bulleted\">\n\t<li>Fabricantes de produtos<\/li>\n<\/ul>\n<\/td>\n<\/tr>\n<tr>\n<td valign=\"top\">Autoridades<\/td>\n<td valign=\"top\">\n<ul class=\"list list-bulleted\">\n\t<li>Autoridades administrativas e judiciais<\/li>\n<\/ul>\n<\/td>\n<\/tr>\n<tr>\n<td valign=\"top\">Compradores<\/td>\n<td valign=\"top\">\n<ul class=\"list list-bulleted\">\n\t<li>Firme ou potenciais compradores de nossa empresa com os quais entrar\u00edamos em negocia\u00e7\u00f5es<\/li>\n<\/ul>\n<\/td>\n<\/tr>\n<\/tbody>\n<\/table>\nObserve que alguns desses destinat\u00e1rios est\u00e3o localizados em pa\u00edses fora da Uni\u00e3o Europ\u00e9ia \/ Espa\u00e7o Econ\u00f4mico Europeu, cujos regulamentos n\u00e3o garantem um n\u00edvel de prote\u00e7\u00e3o de dados pessoais equivalente ao previsto pelo Regulamento 2016\/679 do Parlamento Europeu e do Conselho de 27 de abril de 2016 relativo \u00e0 prote\u00e7\u00e3o das pessoas f\u00edsicas no que diz respeito ao processamento de dados pessoais (GDPR). A maioria desses destinat\u00e1rios n\u00e3o pertencentes \u00e0 UE \/ Espa\u00e7o Econ\u00f4mico Europeu est\u00e3o localizados nos Estados Unidos da Am\u00e9rica e certificaram o cumprimento do acordo de Prote\u00e7\u00e3o de Privacidade UE-EUA, projetado pelo Departamento de Com\u00e9rcio dos EUA e pela Comiss\u00e3o Europ\u00e9ia para fornecer um mecanismo para que as empresas de ambos os lados do Atl\u00e2ntico cumpram com as exig\u00eancias de prote\u00e7\u00e3o de dados pessoais quando transferidas da UE e Su\u00ed\u00e7a para os EUA, a fim de apoiar o com\u00e9rcio transatl\u00e2ntico. Para os destinat\u00e1rios que n\u00e3o est\u00e3o localizados na Uni\u00e3o Europ\u00e9ia \/ Espa\u00e7o Econ\u00f4mico Europeu, ou que n\u00e3o est\u00e3o localizados em um pa\u00eds com um n\u00edvel de prote\u00e7\u00e3o de dados considerado adequado (Artigo 45 do GDPR), ou que n\u00e3o est\u00e3o em conformidade com o acordo de Prote\u00e7\u00e3o de Privacidade UE-EUA, tomaremos todas as medidas necess\u00e1rias para garantir que eles forne\u00e7am salvaguardas apropriadas, tais como a implementa\u00e7\u00e3o das cl\u00e1usulas contratuais padr\u00e3o definidas pela Comiss\u00e3o Europ\u00e9ia (Artigo 46.2 do GDPR) Para maiores informa\u00e7\u00f5es sobre fluxos de dados transfronteiri\u00e7os, favor entrar em contato com nosso respons\u00e1vel pela prote\u00e7\u00e3o de dados.\n\n\n\n\n\n\n<h3 class=\"heading-3\">Seu compartilhamento de dados<\/h3>\nQuando voc\u00ea utiliza o servi\u00e7o La Touche Musicale, voc\u00ea tem a op\u00e7\u00e3o de :\n<ul class=\"list list-bulleted\">\n\t<li>Conecte dispositivos de terceiros \u00e0 sua conta de usu\u00e1rio, tais como pianos, teclados, sintetizadores ou alto-falantes conectados, smartphones, tablets e computadores;<\/li>\n<\/ul>\nVoc\u00ea pode gerenciar seu perfil em suas configura\u00e7\u00f5es.\n\n&nbsp;\n<h2 id=\"section4\" class=\"heading-2\">Por quanto tempo guardamos seus dados pessoais<\/h2>\n&nbsp;\n\nGuardamos seus dados pessoais por n\u00e3o mais tempo do que o necess\u00e1rio para os fins para os quais os coletamos e utilizamos. Os per\u00edodos precisos pelos quais retemos seus dados pessoais s\u00e3o detalhados abaixo:\n\n\n<table class=\"table table-legal table-bordered\">\n<colgroup>\n<col width=\"25%\">\n<col width=\"25%\">\n<col width=\"25%\"><\/colgroup>\n<thead>\n<tr>\n<th>Objetivo<\/th>\n<th>Dados<\/th>\n<th>Conserva\u00e7\u00e3o<\/th>\n<\/tr>\n<\/thead>\n<tbody>\n<tr>\n<td valign=\"top\">Prestar o servi\u00e7o&nbsp;La Touche Musicale<\/td>\n<td valign=\"top\">\n<ul class=\"list list-bulleted\">\n\t<li>Dados da conta<\/li>\n\t<li>Dados da assinatura<\/li>\n\t<li>Dados de utiliza\u00e7\u00e3o<\/li>\n\t<li>Dados t\u00e9cnicos<\/li>\n<\/ul>\n<\/td>\n<td valign=\"top\">Dura\u00e7\u00e3o do seu registro no servi\u00e7o La Touche Musicale, depois arquivamento por at\u00e9 5 anos (exceto para os cookies que s\u00e3o mantidos por at\u00e9 25 meses)<\/td>\n<\/tr>\n<tr>\n<td valign=\"top\">Melhorar, proteger e monitorar o servi\u00e7o La Touche Musicale<\/td>\n<td valign=\"top\">\n<ul class=\"list list-bulleted\">\n\t<li>Dados da conta<\/li>\n\t<li>Dados da assinatura<\/li>\n\t<li>Dados de utiliza\u00e7\u00e3o<\/li>\n\t<li>Dados t\u00e9cnicos<\/li>\n<\/ul>\n<\/td>\n<td valign=\"top\">Dura\u00e7\u00e3o do seu registro no servi\u00e7o La Touche Musicale, depois arquivamento por at\u00e9 5 anos (exceto para os cookies que s\u00e3o mantidos por at\u00e9 25 meses)<\/td>\n<\/tr>\n<tr>\n<td valign=\"top\">Promo\u00e7\u00e3o do servi\u00e7o La Touche Musicale<\/td>\n<td valign=\"top\">\n<ul class=\"list list-bulleted\">\n\t<li>Dados da conta<\/li>\n\t<li>Dados da assinatura<\/li>\n\t<li>Dados de utiliza\u00e7\u00e3o<\/li>\n\t<li>Dados t\u00e9cnicos<\/li>\n<\/ul>\n<\/td>\n<td valign=\"top\">At\u00e9 3 anos ap\u00f3s o t\u00e9rmino de seu registro no servi\u00e7o La Touche Musicale (exceto para cookies que s\u00e3o mantidos por at\u00e9 25 meses)<\/td>\n<\/tr>\n<tr>\n<td valign=\"top\">Servir an\u00fancios de anunciantes de terceiros<\/td>\n<td valign=\"top\">\n<ul class=\"list list-bulleted\">\n\t<li>Dados da conta<\/li>\n\t<li>Dados da assinatura<\/li>\n\t<li>Dados de utiliza\u00e7\u00e3o<\/li>\n\t<li>Dados t\u00e9cnicos<\/li>\n<\/ul>\n<\/td>\n<td valign=\"top\">Dura\u00e7\u00e3o do seu registro no servi\u00e7o La Touche Musicale, depois arquivamento por at\u00e9 3 anos (exceto para os cookies que s\u00e3o mantidos por at\u00e9 25 meses)<\/td>\n<\/tr>\n<tr>\n<td valign=\"top\">Gerenciando seus pedidos de atendimento ao cliente<\/td>\n<td valign=\"top\">\n<ul class=\"list list-bulleted\">\n\t<li>Dados da conta<\/li>\n\t<li>Dados da assinatura<\/li>\n\t<li>Dados de utiliza\u00e7\u00e3o<\/li>\n\t<li>Dados t\u00e9cnicos<\/li>\n\t<li>Dados de consulta<\/li>\n<\/ul>\n<\/td>\n<td valign=\"top\">Dura\u00e7\u00e3o da gest\u00e3o de seu pedido, depois arquivamento at\u00e9 5 anos<\/td>\n<\/tr>\n<tr>\n<td valign=\"top\">Gerencie seus pagamentos<\/td>\n<td valign=\"top\">\n<ul class=\"list list-bulleted\">\n\t<li>Dados da conta<\/li>\n\t<li>Dados da assinatura<\/li>\n\t<li>Dados de utiliza\u00e7\u00e3o<\/li>\n\t<li>Dados t\u00e9cnicos<\/li>\n<\/ul>\n<\/td>\n<td valign=\"top\">Dura\u00e7\u00e3o de sua assinatura do servi\u00e7o La Touche Musicale, depois arquivamento por at\u00e9 10 anos<\/td>\n<\/tr>\n<\/tbody>\n<\/table>\n<h2 class=\"heading-2\"><\/h2>\n<h2 id=\"section5\" class=\"heading-2\">Como protegemos seus dados pessoais<\/h2>\nImplementamos medidas para proteger seus dados pessoais contra acesso, uso e divulga\u00e7\u00e3o n\u00e3o autorizados, incluindo o seguinte\n<ul class=\"list list-bulleted\">\n\t<li>Implementamos e mantemos medidas t\u00e9cnicas avan\u00e7adas para garantir que seus dados pessoais sejam armazenados e utilizados de forma confidencial e segura;<\/li>\n\t<li>N\u00f3s restringimos e limitamos o acesso aos seus dados pessoais e monitoramos quem acessa, utiliza e transfere seus dados pessoais;<\/li>\n\t<li>Os funcion\u00e1rios com acesso aos seus dados pessoais s\u00e3o obrigados a cumprir nossa pol\u00edtica interna de prote\u00e7\u00e3o de dados e suas obriga\u00e7\u00f5es de confidencialidade;<\/li>\n\t<li>Os parceiros e prestadores de servi\u00e7os com os quais compartilhamos seus dados pessoais s\u00e3o obrigados a cumprir com quaisquer obriga\u00e7\u00f5es aplic\u00e1veis de privacidade e prote\u00e7\u00e3o de dados.<\/li>\n<\/ul>\n&nbsp;\n<h2 id=\"section6\" class=\"heading-2\">Como voc\u00ea pode exercer seus direitos<\/h2>\nDe acordo com as leis e regulamentos aplic\u00e1veis sobre a prote\u00e7\u00e3o de dados pessoais, voc\u00ea tem o direito de :\n<ul class=\"list list-bulleted\">\n\t<li>Acesse, retifique e apague seus dados pessoais;<\/li>\n\t<li>Restri\u00e7\u00e3o e obje\u00e7\u00e3o ao seu processamento;<\/li>\n\t<li>Diga-nos que voc\u00ea n\u00e3o deseja receber informa\u00e7\u00f5es comerciais;<\/li>\n\t<li>Em alguns casos, solicite que seus dados pessoais sejam repassados a terceiros;<\/li>\n\t<li>Na medida em que o processamento de seus dados pessoais for baseado em seu consentimento, a retirada de tal consentimento n\u00e3o afetar\u00e1 a legalidade do processamento de seus dados antes de tal retirada;<\/li>\n\t<li>Em alguns pa\u00edses, defina seus desejos quanto \u00e0 reten\u00e7\u00e3o, exclus\u00e3o e divulga\u00e7\u00e3o de seus dados pessoais ap\u00f3s sua morte.<\/li>\n<\/ul>\nEstamos empenhados em permitir que voc\u00ea exer\u00e7a seus direitos sobre seus dados:\n<ul class=\"list list-bulleted\">\n\t<li>Voc\u00ea pode exercer alguns desses direitos diretamente em suas configura\u00e7\u00f5es, por exemplo, os direitos de retificar e apagar seus dados pessoais;<\/li>\n\t<li>Para exercer outros direitos (acesso ou portabilidade de seus dados, restri\u00e7\u00e3o ou oposi\u00e7\u00e3o ao processamento de seus dados pessoais), favor entrar em contato conosco via e-mail contact@latouchemusicale.com.<\/li>\n<\/ul>\nFavor observar que nos reservamos o direito de verificar sua identidade antes de responder ao seu pedido. Se voc\u00ea n\u00e3o estiver completamente satisfeito com nossa resposta, voc\u00ea tem o direito de reclamar junto \u00e0 autoridade de prote\u00e7\u00e3o de dados relevante.\n\n\n\n<span style=\"font-size: 14px;\">&nbsp;<\/span>\n<h2 id=\"section1\" class=\"heading-2\">Associa\u00e7\u00e3o com a GAR e o Minist\u00e9rio da Educa\u00e7\u00e3o<\/h2>\nO Minist\u00e9rio assegura a prote\u00e7\u00e3o dos dados pessoais para acesso aos recursos produzidos pelos alunos e professores. GAR \u00e9 um sistema de processamento de dados do Minist\u00e9rio da Educa\u00e7\u00e3o Nacional. O processamento de dados do GAR est\u00e1 sob a responsabilidade exclusiva do Ministro da Educa\u00e7\u00e3o Nacional. Os diretores das escolas n\u00e3o s\u00e3o, portanto, obrigados a inscrever este processamento em seus registros, pois eles n\u00e3o determinam os objetivos e meios do processamento. Para maiores informa\u00e7\u00f5es, favor consultar <span style=\"text-decoration: underline;\"><a href=\"https:\/\/gar.education.fr\/mentions-informatives-rgpd\/\">a p\u00e1gina de informa\u00e7\u00f5es do RGPD<\/a><\/span> do GAR.\n\n  \n\n\n\n&nbsp;\n<h2 class=\"heading-2\">Mudan\u00e7as em nossa Pol\u00edtica de Prote\u00e7\u00e3o de Dados<\/h2>\nRevisamos regularmente a conformidade de nossa Pol\u00edtica de Prote\u00e7\u00e3o de Dados (pelo menos uma vez por ano), em particular para garantir que ela esteja em conformidade com a nova legisla\u00e7\u00e3o e regulamentos sobre a prote\u00e7\u00e3o de dados pessoais.\n\n&nbsp;\n\n\n\n<p><\/p>\n\t\t\t\t\t\t\t\t<\/div>\n\t\t\t\t<\/div>\n\t\t\t\t\t<\/div>\n\t\t<\/div>\n\t\t\t\t\t<\/div>\n\t\t<\/section>\n\t\t<div class=\"elementor-element elementor-element-2a1c3cc e-flex e-con-boxed e-con e-parent\" data-id=\"2a1c3cc\" data-element_type=\"container\" data-e-type=\"container\">\n\t\t\t\t\t<div class=\"e-con-inner\">\n\t\t\t\t<div class=\"elementor-element elementor-element-686c656 elementor-widget elementor-widget-spacer\" data-id=\"686c656\" data-element_type=\"widget\" data-e-type=\"widget\" data-widget_type=\"spacer.default\">\n\t\t\t\t<div class=\"elementor-widget-container\">\n\t\t\t\t\t\t\t<div class=\"elementor-spacer\">\n\t\t\t<div class=\"elementor-spacer-inner\"><\/div>\n\t\t<\/div>\n\t\t\t\t\t\t<\/div>\n\t\t\t\t<\/div>\n\t\t\t\t\t<\/div>\n\t\t\t\t<\/div>\n\t\t\t\t<\/div>\n\t\t","protected":false},"featured_media":55351,"template":"","class_list":["post-60585","juridique","type-juridique","status-publish","has-post-thumbnail"],"acf":[],"_links":{"self":[{"href":"https:\/\/latouchemusicale.com\/pt-br\/wp-json\/wp\/v2\/juridique\/60585","targetHints":{"allow":["GET"]}}],"collection":[{"href":"https:\/\/latouchemusicale.com\/pt-br\/wp-json\/wp\/v2\/juridique"}],"about":[{"href":"https:\/\/latouchemusicale.com\/pt-br\/wp-json\/wp\/v2\/types\/juridique"}],"version-history":[{"count":0,"href":"https:\/\/latouchemusicale.com\/pt-br\/wp-json\/wp\/v2\/juridique\/60585\/revisions"}],"wp:featuredmedia":[{"embeddable":true,"href":"https:\/\/latouchemusicale.com\/pt-br\/wp-json\/wp\/v2\/media\/55351"}],"wp:attachment":[{"href":"https:\/\/latouchemusicale.com\/pt-br\/wp-json\/wp\/v2\/media?parent=60585"}],"curies":[{"name":"wp","href":"https:\/\/api.w.org\/{rel}","templated":true}]}}